{"id":21285,"date":"2026-03-10T12:26:46","date_gmt":"2026-03-10T11:26:46","guid":{"rendered":"https:\/\/www.nuitsdusud.com\/?page_id=21285"},"modified":"2026-03-12T15:23:19","modified_gmt":"2026-03-12T14:23:19","slug":"faq","status":"publish","type":"page","link":"https:\/\/www.nuitsdusud.com\/faq\/","title":{"rendered":"FAQ"},"content":{"rendered":"\t\t<div data-elementor-type=\"wp-page\" data-elementor-id=\"21285\" class=\"elementor elementor-21285\" data-elementor-post-type=\"page\">\n\t\t\t\t<div class=\"elementor-element elementor-element-2da7c59 e-flex e-con-boxed e-con e-parent\" data-id=\"2da7c59\" data-element_type=\"container\" data-settings=\"{&quot;background_background&quot;:&quot;gradient&quot;}\">\n\t\t\t\t\t<div class=\"e-con-inner\">\n\t\t\t\t<div class=\"elementor-element elementor-element-df939c3 elementor-widget elementor-widget-spacer\" data-id=\"df939c3\" data-element_type=\"widget\" data-settings=\"{&quot;ekit_we_effect_on&quot;:&quot;none&quot;}\" data-widget_type=\"spacer.default\">\n\t\t\t\t<div class=\"elementor-widget-container\">\n\t\t\t\t\t\t\t<div class=\"elementor-spacer\">\n\t\t\t<div class=\"elementor-spacer-inner\"><\/div>\n\t\t<\/div>\n\t\t\t\t\t\t<\/div>\n\t\t\t\t<\/div>\n\t\t\t\t<div class=\"elementor-element elementor-element-0a6b50e elementor-widget elementor-widget-heading\" data-id=\"0a6b50e\" data-element_type=\"widget\" data-settings=\"{&quot;ekit_we_effect_on&quot;:&quot;none&quot;}\" data-widget_type=\"heading.default\">\n\t\t\t\t<div class=\"elementor-widget-container\">\n\t\t\t\t\t<h2 class=\"elementor-heading-title elementor-size-default\">INFOS PRATIQUES<\/h2>\t\t\t\t<\/div>\n\t\t\t\t<\/div>\n\t\t\t\t<div class=\"elementor-element elementor-element-aa5d778 elementor-widget elementor-widget-spacer\" data-id=\"aa5d778\" data-element_type=\"widget\" data-settings=\"{&quot;ekit_we_effect_on&quot;:&quot;none&quot;}\" data-widget_type=\"spacer.default\">\n\t\t\t\t<div class=\"elementor-widget-container\">\n\t\t\t\t\t\t\t<div class=\"elementor-spacer\">\n\t\t\t<div class=\"elementor-spacer-inner\"><\/div>\n\t\t<\/div>\n\t\t\t\t\t\t<\/div>\n\t\t\t\t<\/div>\n\t\t<div class=\"elementor-element elementor-element-1cf200a e-flex e-con-boxed e-con e-child\" data-id=\"1cf200a\" data-element_type=\"container\" data-settings=\"{&quot;background_background&quot;:&quot;classic&quot;}\">\n\t\t\t\t\t<div class=\"e-con-inner\">\n\t\t\t\t<div class=\"elementor-element elementor-element-02ffb66 elementor-widget elementor-widget-toggle\" data-id=\"02ffb66\" data-element_type=\"widget\" data-settings=\"{&quot;ekit_we_effect_on&quot;:&quot;none&quot;}\" data-widget_type=\"toggle.default\">\n\t\t\t\t<div class=\"elementor-widget-container\">\n\t\t\t\t\t\t\t<div class=\"elementor-toggle\">\n\t\t\t\t\t\t\t<div class=\"elementor-toggle-item\">\n\t\t\t\t\t<div id=\"elementor-tab-title-3141\" class=\"elementor-tab-title\" data-tab=\"1\" role=\"button\" aria-controls=\"elementor-tab-content-3141\" aria-expanded=\"false\">\n\t\t\t\t\t\t\t\t\t\t\t\t<span class=\"elementor-toggle-icon elementor-toggle-icon-right\" aria-hidden=\"true\">\n\t\t\t\t\t\t\t\t\t\t\t\t\t\t\t<span class=\"elementor-toggle-icon-closed\"><i class=\"fas fa-angle-double-down\"><\/i><\/span>\n\t\t\t\t\t\t\t\t<span class=\"elementor-toggle-icon-opened\"><i class=\"elementor-toggle-icon-opened fas fa-caret-up\"><\/i><\/span>\n\t\t\t\t\t\t\t\t\t\t\t\t\t<\/span>\n\t\t\t\t\t\t\t\t\t\t\t\t<a class=\"elementor-toggle-title\" tabindex=\"0\">BILLETTERIE<\/a>\n\t\t\t\t\t<\/div>\n\n\t\t\t\t\t<div id=\"elementor-tab-content-3141\" class=\"elementor-tab-content elementor-clearfix\" data-tab=\"1\" role=\"region\" aria-labelledby=\"elementor-tab-title-3141\"><ul class=\"ul1\">\n \t<li style=\"list-style-type: none;\">\n<ul class=\"ul1\">\n \t<li class=\"li2\" style=\"list-style-type: none;\">\n<ul>\n \t<li><strong><span class=\"s1\"><b>Billetterie en ligne des Nuits du Sud : <\/b><\/span><span style=\"color: #ffff00;\"><a style=\"color: #ffff00;\" href=\"https:\/\/my.wilout-online.com\/671b050e81c3756359abfa39b805b93e\/s\" target=\"_blank\" rel=\"noopener\">www.nuitsdusud.com <\/a><\/span><\/strong>\nFrais de gestion de 0.85\u20ac\/billet<\/li>\n<\/ul>\n<ul class=\"ul1\">\n \t<li><span class=\"s1\"><b> Sans frais de location :\nEspace Culturel E.Leclerc de Vence<\/b>, place du Grand Jardin.\nDu lundi au samedi de 9h30 \u00e0 19h30 | Dimanche 9h30 \u00e0 13h\n<b>Aux entr\u00e9es du festival :<\/b> tous les soirs de concerts, de 19h30 \u00e0 22h30| Guichets av. de la R\u00e9sistance et av. Marcellin Maurel.<\/span><\/li>\n<\/ul>\n<ul class=\"ul1\">\n \t<li><span class=\"s1\"><b> Avec frais de gestion : 10% maximum par billet\nR\u00e9seau Ticketmaster : <\/b>Auchan \u2013 Carrefour \u2013 Cultura \u2013 E.Leclerc &#8211;<b><span style=\"color: #ffff00;\"><a style=\"color: #ffff00;\" href=\"https:\/\/www.ticketmaster.fr\/fr\/manifestation\/festival-nuits-du-sud-pass-1-jour-billet\/idmanif\/617063\" target=\"_blank\" rel=\"noopener\">www.ticketmaster.fr<\/a><\/span>\nR\u00e9seau France billet :<\/b> Fnac, G\u00e9ant, Syst\u00e8me U, Intermarch\u00e9 et<b><a href=\"https:\/\/www.fnacspectacles.com\/search\/?affiliate=FS8&amp;searchterm=nuits+du+sud\" target=\"_blank\" rel=\"noopener\"><span style=\"color: #ffff00;\">www.fnacspectacles.com<\/span> , <\/a><span style=\"color: #ffff00;\"><a style=\"color: #ffff00;\" href=\"https:\/\/www.francebillet.com\/search\/?affiliate=QEA&amp;searchterm=Nuits+du+sud\" target=\"_blank\" rel=\"noopener\">www.francebillet.com<\/a><\/span><\/b><\/span><b> R\u00e9seau See tickets : <\/b><span style=\"color: #ffff00;\"><a style=\"color: #ffff00;\" href=\"https:\/\/www.seetickets.com\/fr\/search?q=nuits+du+sud\" target=\"_blank\" rel=\"noopener\">www.seetickets.com\/fr<\/a><\/span><strong>\nBillet \u00e0 imprimer ou \u00e0 pr\u00e9senter sur votre smartphone<\/strong><\/li>\n<\/ul>\nPour toute autre question d\u2019ordre technique, vous pouvez adresser un email \u00e0 <a href=\"mailto:support@wilout.com\" target=\"_blank\" rel=\"noopener\"><span style=\"color: #ffff00;\">support@wilout.com<\/span><\/a> en communiquant vos coordonn\u00e9es.<\/li>\n \t<li>\n<div dir=\"auto\">\n\n<strong>Revendre son billet :<\/strong> Vous avez achet\u00e9 votre billet sur notre site internet www.nuitsdusud.com, vous avez la possibilit\u00e9 de placer votre billet \u00e0 la revente, en vous rendant sur la plateforme de revente officielle 100% s\u00e9curis\u00e9e : <span style=\"color: #ffff00;\"><strong><a style=\"color: #ffff00;\" href=\"https:\/\/reelax-tickets.com\/e\/n\/festival-nuits-du-sud-2026\">reelax<\/a>\u00a0<br><\/strong><\/span>Si vous avez achet\u00e9 votre billet via un de nos r\u00e9seaux de distribution, rapprochez vous de ce dernier.\n\n<\/div><\/li>\n<\/ul>\n<\/li>\n<\/ul><\/div>\n\t\t\t\t<\/div>\n\t\t\t\t\t\t\t\t<\/div>\n\t\t\t\t\t\t<\/div>\n\t\t\t\t<\/div>\n\t\t\t\t\t<\/div>\n\t\t\t\t<\/div>\n\t\t<div class=\"elementor-element elementor-element-f94dafa e-flex e-con-boxed e-con e-child\" data-id=\"f94dafa\" data-element_type=\"container\" data-settings=\"{&quot;background_background&quot;:&quot;classic&quot;}\">\n\t\t\t\t\t<div class=\"e-con-inner\">\n\t\t\t\t<div class=\"elementor-element elementor-element-0f8506e elementor-widget elementor-widget-toggle\" data-id=\"0f8506e\" data-element_type=\"widget\" data-settings=\"{&quot;ekit_we_effect_on&quot;:&quot;none&quot;}\" data-widget_type=\"toggle.default\">\n\t\t\t\t<div class=\"elementor-widget-container\">\n\t\t\t\t\t\t\t<div class=\"elementor-toggle\">\n\t\t\t\t\t\t\t<div class=\"elementor-toggle-item\">\n\t\t\t\t\t<div id=\"elementor-tab-title-1621\" class=\"elementor-tab-title\" data-tab=\"1\" role=\"button\" aria-controls=\"elementor-tab-content-1621\" aria-expanded=\"false\">\n\t\t\t\t\t\t\t\t\t\t\t\t<span class=\"elementor-toggle-icon elementor-toggle-icon-right\" aria-hidden=\"true\">\n\t\t\t\t\t\t\t\t\t\t\t\t\t\t\t<span class=\"elementor-toggle-icon-closed\"><i class=\"fas fa-angle-double-down\"><\/i><\/span>\n\t\t\t\t\t\t\t\t<span class=\"elementor-toggle-icon-opened\"><i class=\"elementor-toggle-icon-opened fas fa-caret-up\"><\/i><\/span>\n\t\t\t\t\t\t\t\t\t\t\t\t\t<\/span>\n\t\t\t\t\t\t\t\t\t\t\t\t<a class=\"elementor-toggle-title\" tabindex=\"0\">ACC\u00c8S AU FESTIVAL<\/a>\n\t\t\t\t\t<\/div>\n\n\t\t\t\t\t<div id=\"elementor-tab-content-1621\" class=\"elementor-tab-content elementor-clearfix\" data-tab=\"1\" role=\"region\" aria-labelledby=\"elementor-tab-title-1621\"><ul class=\"ul1\"><li style=\"list-style-type: none;\"><ul class=\"ul1\"><li class=\"li2\"><strong>Venir en voiture<\/strong><br \/>En venant de Paris, Lyon, Marseille, Aix-en-Provence : autoroute A8 : sortie Villeneuve-Loubet \/ Cagnes-sur-Mer n\u00b047. En venant de l\u2019Italie, Monaco, Nice : sortie Cagnes-sur-Mer n\u00b048<br \/><ul class=\"ul1\"><li class=\"li2\"><strong>Pensez au covoiturage -&gt; <\/strong><a href=\"http:\/\/www.covoiturage.fr\/\"><span style=\"color: ffffff;\"><span style=\"color: #6ec1e4;\">http:\/\/www.covoiturage.fr\/<\/span><\/span><\/a><\/li><li>Les 12 et 19 juillet, une navette sera disponible de 19h \u00e0 1h depuis le parking Saint-Anne jusqu&#8217;\u00e0 l&#8217;entr\u00e9e du festival. Un d\u00e9part toutes les 20 minutes.<\/li><\/ul><\/li><li class=\"li2\"><strong>Venir en bus<\/strong><br \/><a href=\"https:\/\/www.lignesdazur.com\/votre-ligne-9-renforcee-loccasion-des-soirees-estivales-vence\" target=\"_blank\" rel=\"noopener\"><span style=\"color: #6ec1e4;\">Ligne 9 \u2013 Nice \/ Vence <\/span><\/a><span style=\"color: #fecd3d;\"> Dernier d\u00e9part de l&#8217;ARA \u00e0 1h !! <span style=\"color: #ffffff;\">Terminus <\/span><\/span><span style=\"color: #ffffff;\">Parc Phoenix<\/span><\/li><li><strong>Venir en train !<\/strong><br \/>La gare la plus proche est Cagnes-sur-Mer.<br \/>Une correspondance avec un bus \/ covoiturage est n\u00e9cessaire pour rejoindre le festival.<br \/>Pour plus d\u2019informations rendez-vous sur :<br \/><a href=\"http:\/\/voyages-sncf.com\" target=\"_blank\" rel=\"noopener\"><span style=\"color: #6ec1e4;\">http:\/\/voyages-sncf.com<\/span><\/a><\/li><li>\u00a0<strong>Les parkings<br \/><\/strong>Les soirs de concerts le parking E.Leclerc Vence est \u00e0 2\u20ac \u00e0 partir de 19h. Les parkings Marc Chagall, de la piscine, Toreille et Grand Jardin sont \u00e0 deux euros la soir\u00e9e \u00e0 partir de 20h jusqu&#8217;\u00e0 8h.<br \/><strong>Pour les voitures gar\u00e9es au parking du Grand Jardin, aucune entr\u00e9e ni sortie de v\u00e9hicule ne sera possible de 18h00 \u00e0 2h00 et tous les emplacements des niveaux 0 et -1 seront interdits de 17h \u00e0 2h.<\/strong><\/li><\/ul><\/li><\/ul><ul><li style=\"list-style-type: none;\">\u00a0<\/li><\/ul><\/div>\n\t\t\t\t<\/div>\n\t\t\t\t\t\t\t\t<\/div>\n\t\t\t\t\t\t<\/div>\n\t\t\t\t<\/div>\n\t\t\t\t\t<\/div>\n\t\t\t\t<\/div>\n\t\t<div class=\"elementor-element elementor-element-7a82bbb e-flex e-con-boxed e-con e-child\" data-id=\"7a82bbb\" data-element_type=\"container\" data-settings=\"{&quot;background_background&quot;:&quot;classic&quot;}\">\n\t\t\t\t\t<div class=\"e-con-inner\">\n\t\t\t\t<div class=\"elementor-element elementor-element-805214c elementor-widget elementor-widget-toggle\" data-id=\"805214c\" data-element_type=\"widget\" data-settings=\"{&quot;ekit_we_effect_on&quot;:&quot;none&quot;}\" data-widget_type=\"toggle.default\">\n\t\t\t\t<div class=\"elementor-widget-container\">\n\t\t\t\t\t\t\t<div class=\"elementor-toggle\">\n\t\t\t\t\t\t\t<div class=\"elementor-toggle-item\">\n\t\t\t\t\t<div id=\"elementor-tab-title-1341\" class=\"elementor-tab-title\" data-tab=\"1\" role=\"button\" aria-controls=\"elementor-tab-content-1341\" aria-expanded=\"false\">\n\t\t\t\t\t\t\t\t\t\t\t\t<span class=\"elementor-toggle-icon elementor-toggle-icon-right\" aria-hidden=\"true\">\n\t\t\t\t\t\t\t\t\t\t\t\t\t\t\t<span class=\"elementor-toggle-icon-closed\"><i class=\"fas fa-angle-double-down\"><\/i><\/span>\n\t\t\t\t\t\t\t\t<span class=\"elementor-toggle-icon-opened\"><i class=\"elementor-toggle-icon-opened fas fa-caret-up\"><\/i><\/span>\n\t\t\t\t\t\t\t\t\t\t\t\t\t<\/span>\n\t\t\t\t\t\t\t\t\t\t\t\t<a class=\"elementor-toggle-title\" tabindex=\"0\">SUR SITE<\/a>\n\t\t\t\t\t<\/div>\n\n\t\t\t\t\t<div id=\"elementor-tab-content-1341\" class=\"elementor-tab-content elementor-clearfix\" data-tab=\"1\" role=\"region\" aria-labelledby=\"elementor-tab-title-1341\"><ul><li><strong>O\u00f9 se d\u00e9roule le festival Nuits du Sud ?<br \/><\/strong>Rendez-vous sur la Place du Grand Jardin \u00e0 Vence (06) pour des concerts en plein air.<\/li><\/ul><ul><li><strong>Quels sont les moyens de paiement sur le site ?<\/strong><br \/>Vous pouvez r\u00e9gler en esp\u00e8ces ou en carte bancaire aupr\u00e8s des services propos\u00e9s sur le site.<\/li><\/ul><ul class=\"ul1\"><li class=\"li2\"><strong>Quelles sont les horaires du festival ?<\/strong><br \/>Ouverture des portes : 19h00 | Fermeture : 00h30<\/li><\/ul><ul class=\"ul1\"><li><strong>Y a-t-il des acc\u00e8s pour les personnes \u00e0 mobilit\u00e9 r\u00e9duite ?<br \/><\/strong>La place du Grand Jardin est accessible pour les personnes \u00e0 mobilit\u00e9 r\u00e9duite. Si vous souhaitez \u00eatre gar\u00e9 \u00e0 proximit\u00e9 vous pouvez stationner votre v\u00e9hicule dans le parking souterrain du Grand jardin avant 18h00 ou sur le parking Marie Antoinette.<\/li><\/ul><ul class=\"ul1\"><li class=\"li2\"><strong>Des consignes sont-elles \u00e0 disposition ?<\/strong>Nous mettons \u00e0 disposition un vestiaire pour les objets interdits sous forme de consigne \u00e0 venir r\u00e9cup\u00e9rer \u00e0 la derni\u00e8re note de musique de la soir\u00e9e\u00a0! Si ce n\u2019est pas le cas, nous transmettrons vos effets personnels \u00e0 la police municipale.<\/li><\/ul><ul><li><strong>Y a-t-il des toilettes sur le site ?<br \/><\/strong>Nous mettons en place des toilettes sur le parking Marie Antoinette adjacent au site des Nuits du Sud.<\/li><\/ul><ul class=\"ul1\"><li class=\"li1\"><strong>Y a-t-il des points d\u2019eau ?<br \/><\/strong>Vous disposez d\u2019un point d\u2019eau au milieu de la Place du Grand jardin avec la fontaine pour vous rafra\u00eechir et boire.<\/li><\/ul><ul class=\"ul1\"><li class=\"li1\"><strong>Peut-on se restaurer sur le site du festival ?<br \/><\/strong>Vous aurez dans l\u2019enceinte du site des Nuits du Sud les restaurants de la place du Grand Jardin ainsi que des food trucks s\u00e9lectionn\u00e9s pour l\u2019occasion. A l\u2019ext\u00e9rieur du site, une offre de restauration est \u00e9galement disponible dans la cit\u00e9 historique de Vence. Vous trouverez la liste des restaurants de Vence en suivant ce lien\u00a0: https:\/\/vence-tourisme.com\/restaurants\/<\/li><\/ul><ul class=\"ul1\"><li class=\"li1\"><strong>Y a-t-il un camping festivalier ?<br \/><\/strong>Le festival se r\u00e9alisant en plein centre-ville de Vence nous n\u2019avons pas la possibilit\u00e9 de mettre en place un camping pour nos festivaliers.<\/li><\/ul><ul class=\"ul1\"><li class=\"li1\"><strong>O\u00f9 se loger ?<br \/><\/strong>Pour vous loger durant le festival plusieurs possibilit\u00e9s s\u2019offrent \u00e0 vous : les h\u00f4tels, le camping, ou encore maisons d\u2019h\u00f4te. Vous trouverez via le lien toutes les informations n\u00e9cessaires : <span style=\"color: #ffff00;\"><a style=\"color: #ffff00;\" href=\"https:\/\/vence-tourisme.com\/sejourner\/\"><span class=\"s2\">https:\/\/vence-tourisme.com\/sejourner\/<\/span><\/a><\/span><\/li><\/ul><ul class=\"ul1\"><li class=\"li1\"><strong>J\u2019ai perdu un objet, o\u00f9 puis-je le retrouver ?<br \/><\/strong>Vous pouvez retrouver vos objets perdus jusqu\u2019\u00e0 la fin des concerts dans les bureaux des Nuits du Sud situ\u00e9s \u00e0 l\u2019adresse suivante : 39 rue du 8 mai 1945.<br \/>Apr\u00e8s le festival vous trouverez vos objets perdu \u00e0 la police municipale<\/li><\/ul><\/div>\n\t\t\t\t<\/div>\n\t\t\t\t\t\t\t\t<\/div>\n\t\t\t\t\t\t<\/div>\n\t\t\t\t<\/div>\n\t\t\t\t\t<\/div>\n\t\t\t\t<\/div>\n\t\t<div class=\"elementor-element elementor-element-ad43b39 e-flex e-con-boxed e-con e-child\" data-id=\"ad43b39\" data-element_type=\"container\" data-settings=\"{&quot;background_background&quot;:&quot;classic&quot;}\">\n\t\t\t\t\t<div class=\"e-con-inner\">\n\t\t\t\t<div class=\"elementor-element elementor-element-4bc8c21 elementor-widget elementor-widget-toggle\" data-id=\"4bc8c21\" data-element_type=\"widget\" data-settings=\"{&quot;ekit_we_effect_on&quot;:&quot;none&quot;}\" data-widget_type=\"toggle.default\">\n\t\t\t\t<div class=\"elementor-widget-container\">\n\t\t\t\t\t\t\t<div class=\"elementor-toggle\">\n\t\t\t\t\t\t\t<div class=\"elementor-toggle-item\">\n\t\t\t\t\t<div id=\"elementor-tab-title-7941\" class=\"elementor-tab-title\" data-tab=\"1\" role=\"button\" aria-controls=\"elementor-tab-content-7941\" aria-expanded=\"false\">\n\t\t\t\t\t\t\t\t\t\t\t\t<span class=\"elementor-toggle-icon elementor-toggle-icon-right\" aria-hidden=\"true\">\n\t\t\t\t\t\t\t\t\t\t\t\t\t\t\t<span class=\"elementor-toggle-icon-closed\"><i class=\"fas fa-angle-double-down\"><\/i><\/span>\n\t\t\t\t\t\t\t\t<span class=\"elementor-toggle-icon-opened\"><i class=\"elementor-toggle-icon-opened fas fa-caret-up\"><\/i><\/span>\n\t\t\t\t\t\t\t\t\t\t\t\t\t<\/span>\n\t\t\t\t\t\t\t\t\t\t\t\t<a class=\"elementor-toggle-title\" tabindex=\"0\">DISPOSITIF PMR<\/a>\n\t\t\t\t\t<\/div>\n\n\t\t\t\t\t<div id=\"elementor-tab-content-7941\" class=\"elementor-tab-content elementor-clearfix\" data-tab=\"1\" role=\"region\" aria-labelledby=\"elementor-tab-title-7941\"><ul><li><strong><strong>Le festival collabore avec Handica Service pour une meilleure accessibilit\u00e9 et l&#8217;inclusivit\u00e9 de tous les publics <\/strong><\/strong><u><\/u><strong>\u00a0<\/strong><ul><li>Places parking d\u00e9di\u00e9es &#8211; plan des places \u00e0 proximit\u00e9 <span style=\"color: #ffff00;\"><a id=\"LPlnk610647\" style=\"color: #ffff00;\" title=\"https:\/\/very-important-parking.fr\/ville\/vence\/\" href=\"https:\/\/very-important-parking.fr\/ville\/vence\/\" target=\"_blank\" rel=\"noopener noreferrer\" data-auth=\"NotApplicable\" data-linkindex=\"0\">https:\/\/very-important-parking.fr\/ville\/vence\/<\/a><\/span><\/li><li><div class=\"x_x_elementToProof\" data-olk-copy-source=\"MessageBody\">Accueil sur site par un b\u00e9n\u00e9vole si souhait\u00e9<\/div><\/li><li><div class=\"x_x_elementToProof\" data-olk-copy-source=\"MessageBody\">WC d\u00e9di\u00e9 PMR au rez-de-chauss\u00e9 de la villa alexandrine &#8211; possibilit\u00e9 d&#8217;\u00eatre accompagn\u00e9 par un b\u00e9n\u00e9vole de handica services ou un b\u00e9n\u00e9vole Nuits du Sud\u00a0<\/div><\/li><li><div class=\"x_x_elementToProof\">D\u00e9pose minute PMR possible &#8211; nous contacter en amont du festival au 04 93 58 40 17 pour plus de renseignement.<\/div><\/li><li><div class=\"x_x_elementToProof\">Plateforme PMR d\u00e9di\u00e9 pour assister aux concerts<\/div><\/li><li><div class=\"x_x_elementToProof\">Sur site : point d&#8217;accueil avec des b\u00e9n\u00e9voles Handica Services\u00a0<\/div><\/li><li><div class=\"x_x_elementToProof\">Chiens guides pour personnes malvoyantes bienvenus\u00a0<\/div><\/li><li><div class=\"x_x_elementToProof\">Mise \u00e0 disposition d&#8217;un fauteuil roulant sur site, en partenariat avec M\u00e9dical services<\/div><\/li><\/ul><\/li><\/ul><p><a href=\"https:\/\/www.nuitsdusud.com\/wp-content\/uploads\/2025\/06\/positionnement_des_places_pmr_sur_la_commune.pdf\"><span style=\"color: #ffff00;\">Cliquez ici pour retrouver le positionnement_des_places pmr sur la commune<\/span><\/a><\/p><\/div>\n\t\t\t\t<\/div>\n\t\t\t\t\t\t\t\t<\/div>\n\t\t\t\t\t\t<\/div>\n\t\t\t\t<\/div>\n\t\t\t\t\t<\/div>\n\t\t\t\t<\/div>\n\t\t<div class=\"elementor-element elementor-element-14c27a9 e-con-full e-flex e-con e-child\" data-id=\"14c27a9\" data-element_type=\"container\" data-settings=\"{&quot;background_background&quot;:&quot;classic&quot;}\">\n\t\t\t\t<div class=\"elementor-element elementor-element-b453fba elementor-widget elementor-widget-toggle\" data-id=\"b453fba\" data-element_type=\"widget\" data-settings=\"{&quot;ekit_we_effect_on&quot;:&quot;none&quot;}\" data-widget_type=\"toggle.default\">\n\t\t\t\t<div class=\"elementor-widget-container\">\n\t\t\t\t\t\t\t<div class=\"elementor-toggle\">\n\t\t\t\t\t\t\t<div class=\"elementor-toggle-item\">\n\t\t\t\t\t<div id=\"elementor-tab-title-1891\" class=\"elementor-tab-title\" data-tab=\"1\" role=\"button\" aria-controls=\"elementor-tab-content-1891\" aria-expanded=\"false\">\n\t\t\t\t\t\t\t\t\t\t\t\t<span class=\"elementor-toggle-icon elementor-toggle-icon-right\" aria-hidden=\"true\">\n\t\t\t\t\t\t\t\t\t\t\t\t\t\t\t<span class=\"elementor-toggle-icon-closed\"><i class=\"fas fa-angle-double-down\"><\/i><\/span>\n\t\t\t\t\t\t\t\t<span class=\"elementor-toggle-icon-opened\"><i class=\"elementor-toggle-icon-opened fas fa-caret-up\"><\/i><\/span>\n\t\t\t\t\t\t\t\t\t\t\t\t\t<\/span>\n\t\t\t\t\t\t\t\t\t\t\t\t<a class=\"elementor-toggle-title\" tabindex=\"0\">OBJETS INTERDITS<\/a>\n\t\t\t\t\t<\/div>\n\n\t\t\t\t\t<div id=\"elementor-tab-content-1891\" class=\"elementor-tab-content elementor-clearfix\" data-tab=\"1\" role=\"region\" aria-labelledby=\"elementor-tab-title-1891\"><ul><li><strong>Ces objets sont interdits sur le festival et ne peuvent pas \u00eatre d\u00e9pos\u00e9s \u00e0 la consigne :\u00a0<\/strong><ul><li>Sacs \u00e0 dos, valises<\/li><li>Appareils enregistreurs, cam\u00e9ras, appareils photo professionnels, drone<\/li><li>Appareils \u00e9lectroniques, enceintes, ordinateur, casque audio\u2026<\/li><li>Batterie de v\u00e9lo, v\u00e9lo, trottinette, chaises et chaises pliantes &#8230;<\/li><li>Bouteilles en verre, en plastique, gourdes, cannettes (&#8230;)<\/li><li>A\u00e9rosols, bouteilles de parfum, \u2026<\/li><li>Bouteilles de gaz et r\u00e9chauds \u00e0 gaz<\/li><li>Fumig\u00e8nes, liquides explosifs ou inflammables (essence\u2026), appareils \u00e0 raclette<\/li><li>Armes, objets tranchants, petits couteaux, couteaux suisses, objets contondants ou pouvant se r\u00e9v\u00e9ler dangereux<\/li><li>Drogues<\/li><li>Drone<\/li><li>Grands drapeaux, grands parapluies pointus, pointeurs lasers et autres objets qui peuvent \u00eatre dangereux pour les spectateur.rice.s<\/li><li>Objets bruyants : sir\u00e8nes, m\u00e9gaphones, vuvuzela\u2026<\/li><li>Tout autre objet jug\u00e9 dangereux \u00e0 l&#8217;entr\u00e9e du festival<\/li><\/ul><p><strong>Nb : la consigne n\u2019est pas un vestiaire, les blousons, \u00e9quipements de motos ou autre ne sont pas accept\u00e9s.<\/strong><\/p><\/li><\/ul><\/div>\n\t\t\t\t<\/div>\n\t\t\t\t\t\t\t\t<\/div>\n\t\t\t\t\t\t<\/div>\n\t\t\t\t<\/div>\n\t\t\t\t<\/div>\n\t\t\t\t<div class=\"elementor-element elementor-element-ce5fc75 elementor-widget elementor-widget-spacer\" data-id=\"ce5fc75\" data-element_type=\"widget\" data-settings=\"{&quot;ekit_we_effect_on&quot;:&quot;none&quot;}\" data-widget_type=\"spacer.default\">\n\t\t\t\t<div class=\"elementor-widget-container\">\n\t\t\t\t\t\t\t<div class=\"elementor-spacer\">\n\t\t\t<div class=\"elementor-spacer-inner\"><\/div>\n\t\t<\/div>\n\t\t\t\t\t\t<\/div>\n\t\t\t\t<\/div>\n\t\t\t\t\t<\/div>\n\t\t\t\t<\/div>\n\t\t<div class=\"elementor-element elementor-element-d2cc0e6 e-flex e-con-boxed e-con e-parent\" data-id=\"d2cc0e6\" data-element_type=\"container\" data-settings=\"{&quot;background_background&quot;:&quot;classic&quot;}\">\n\t\t\t\t\t<div class=\"e-con-inner\">\n\t\t\t\t<div class=\"elementor-element elementor-element-77210c0 elementor-widget elementor-widget-heading\" data-id=\"77210c0\" data-element_type=\"widget\" data-settings=\"{&quot;ekit_we_effect_on&quot;:&quot;none&quot;}\" data-widget_type=\"heading.default\">\n\t\t\t\t<div class=\"elementor-widget-container\">\n\t\t\t\t\t<h2 class=\"elementor-heading-title elementor-size-default\"><a href=\"https:\/\/www.nuitsdusud.com\/\">TOUTE LA PROGRAMMATION<\/a><\/h2>\t\t\t\t<\/div>\n\t\t\t\t<\/div>\n\t\t\t\t\t<\/div>\n\t\t\t\t<\/div>\n\t\t\t\t<\/div>\n\t\t","protected":false},"excerpt":{"rendered":"<p>INFOS PRATIQUES BILLETTERIE Billetterie en ligne des Nuits du Sud : www.nuitsdusud.com Frais de gestion de 0.85\u20ac\/billet Sans frais de location : Espace Culturel E.Leclerc de Vence, place du Grand Jardin. Du lundi au samedi de 9h30 \u00e0 19h30 | Dimanche 9h30 \u00e0 13h Aux entr\u00e9es du festival : tous les soirs de concerts, de [&hellip;]<\/p>\n","protected":false},"author":2,"featured_media":0,"parent":0,"menu_order":0,"comment_status":"closed","ping_status":"closed","template":"elementor_header_footer","meta":{"_monsterinsights_skip_tracking":false,"_monsterinsights_sitenote_active":false,"_monsterinsights_sitenote_note":"","_monsterinsights_sitenote_category":0,"footnotes":""},"class_list":["post-21285","page","type-page","status-publish","hentry"],"_links":{"self":[{"href":"https:\/\/www.nuitsdusud.com\/api\/wp\/v2\/pages\/21285","targetHints":{"allow":["GET"]}}],"collection":[{"href":"https:\/\/www.nuitsdusud.com\/api\/wp\/v2\/pages"}],"about":[{"href":"https:\/\/www.nuitsdusud.com\/api\/wp\/v2\/types\/page"}],"author":[{"embeddable":true,"href":"https:\/\/www.nuitsdusud.com\/api\/wp\/v2\/users\/2"}],"replies":[{"embeddable":true,"href":"https:\/\/www.nuitsdusud.com\/api\/wp\/v2\/comments?post=21285"}],"version-history":[{"count":35,"href":"https:\/\/www.nuitsdusud.com\/api\/wp\/v2\/pages\/21285\/revisions"}],"predecessor-version":[{"id":21797,"href":"https:\/\/www.nuitsdusud.com\/api\/wp\/v2\/pages\/21285\/revisions\/21797"}],"wp:attachment":[{"href":"https:\/\/www.nuitsdusud.com\/api\/wp\/v2\/media?parent=21285"}],"curies":[{"name":"wp","href":"https:\/\/api.w.org\/{rel}","templated":true}]}}