{"id":21315,"date":"2026-03-10T13:44:25","date_gmt":"2026-03-10T12:44:25","guid":{"rendered":"https:\/\/www.nuitsdusud.com\/?page_id=21315"},"modified":"2026-03-10T19:08:58","modified_gmt":"2026-03-10T18:08:58","slug":"le-festival-nuits_du_sud","status":"publish","type":"page","link":"https:\/\/www.nuitsdusud.com\/le-festival-nuits_du_sud\/","title":{"rendered":"LE FESTIVAL"},"content":{"rendered":"\t\t<div data-elementor-type=\"wp-page\" data-elementor-id=\"21315\" class=\"elementor elementor-21315\" data-elementor-post-type=\"page\">\n\t\t\t\t<div class=\"elementor-element elementor-element-d521f38 e-con-full e-flex e-con e-parent\" data-id=\"d521f38\" data-element_type=\"container\" data-settings=\"{&quot;background_background&quot;:&quot;video&quot;,&quot;background_video_link&quot;:&quot;https:\\\/\\\/youtu.be\\\/LzvKGYNFzeI?si=ZJIjZnlujSIbRdyy&quot;,&quot;background_play_on_mobile&quot;:&quot;yes&quot;}\">\n\t\t<div class=\"elementor-background-video-container\" aria-hidden=\"true\">\n\t\t\t\t\t\t\t<div class=\"elementor-background-video-embed\"><\/div>\n\t\t\t\t\t\t<\/div>\t\t<div class=\"elementor-element elementor-element-1e2663c elementor-widget__width-inherit elementor-absolute elementor-hidden-mobile elementor-widget elementor-widget-heading\" data-id=\"1e2663c\" data-element_type=\"widget\" data-settings=\"{&quot;_position&quot;:&quot;absolute&quot;,&quot;ekit_we_effect_on&quot;:&quot;none&quot;}\" data-widget_type=\"heading.default\">\n\t\t\t\t<div class=\"elementor-widget-container\">\n\t\t\t\t\t<h2 class=\"elementor-heading-title elementor-size-default\">LE FESTIVAL<\/h2>\t\t\t\t<\/div>\n\t\t\t\t<\/div>\n\t\t\t\t<div class=\"elementor-element elementor-element-f667d5b elementor-widget__width-inherit elementor-absolute elementor-hidden-desktop elementor-hidden-tablet elementor-widget elementor-widget-heading\" data-id=\"f667d5b\" data-element_type=\"widget\" data-settings=\"{&quot;_position&quot;:&quot;absolute&quot;,&quot;ekit_we_effect_on&quot;:&quot;none&quot;}\" data-widget_type=\"heading.default\">\n\t\t\t\t<div class=\"elementor-widget-container\">\n\t\t\t\t\t<h2 class=\"elementor-heading-title elementor-size-default\">LE FESTIVAL<\/h2>\t\t\t\t<\/div>\n\t\t\t\t<\/div>\n\t\t<div class=\"elementor-element elementor-element-43ab4ab e-con-full e-flex e-con e-child\" data-id=\"43ab4ab\" data-element_type=\"container\" data-settings=\"{&quot;background_background&quot;:&quot;classic&quot;}\">\n\t\t\t\t<div class=\"elementor-element elementor-element-17c90aa elementor-widget elementor-widget-spacer\" data-id=\"17c90aa\" data-element_type=\"widget\" data-settings=\"{&quot;ekit_we_effect_on&quot;:&quot;none&quot;}\" data-widget_type=\"spacer.default\">\n\t\t\t\t<div class=\"elementor-widget-container\">\n\t\t\t\t\t\t\t<div class=\"elementor-spacer\">\n\t\t\t<div class=\"elementor-spacer-inner\"><\/div>\n\t\t<\/div>\n\t\t\t\t\t\t<\/div>\n\t\t\t\t<\/div>\n\t\t\t\t<\/div>\n\t\t\t\t<\/div>\n\t\t<div class=\"elementor-element elementor-element-ee6a5e2 e-con-full e-flex e-con e-parent\" data-id=\"ee6a5e2\" data-element_type=\"container\" data-settings=\"{&quot;background_background&quot;:&quot;classic&quot;}\">\n\t\t<div class=\"elementor-element elementor-element-6d8c875 animated-slow e-flex e-con-boxed elementor-invisible e-con e-child\" data-id=\"6d8c875\" data-element_type=\"container\" data-settings=\"{&quot;animation&quot;:&quot;fadeIn&quot;}\">\n\t\t\t\t\t<div class=\"e-con-inner\">\n\t\t\t\t<div class=\"elementor-element elementor-element-f232331 elementor-hidden-desktop elementor-widget elementor-widget-text-editor\" data-id=\"f232331\" data-element_type=\"widget\" data-settings=\"{&quot;ekit_we_effect_on&quot;:&quot;none&quot;}\" data-widget_type=\"text-editor.default\">\n\t\t\t\t<div class=\"elementor-widget-container\">\n\t\t\t\t\t\t\t\t\t<div class=\"cms-content\"><div>Une programmation r\u00e9alis\u00e9e main dans la main depuis 4 ans par\u00a0<span class=\"markikkh1legj\" data-markjs=\"true\" data-ogac=\"\" data-ogab=\"\" data-ogsc=\"\" data-ogsb=\"\">le<\/span>s \u00e9quipes de Rock en Seine et Radio Nova<\/div><div><span class=\"markikkh1legj\" data-markjs=\"true\" data-ogac=\"\" data-ogab=\"\" data-ogsc=\"\" data-ogsb=\"\">Le<\/span>\u00a0<span class=\"markmi3t5huue\" data-markjs=\"true\" data-ogac=\"\" data-ogab=\"\" data-ogsc=\"\" data-ogsb=\"\">festival<\/span>\u00a0c\u00e9l\u00e8bre la richesse et la diversit\u00e9 des musiques du monde en r\u00e9unissant des artistes venus d\u2019horizons culturels vari\u00e9s. Des rythmes carib\u00e9ens aux sonorit\u00e9s africaines, des influences \u00e9<span class=\"markikkh1legj\" data-markjs=\"true\" data-ogac=\"\" data-ogab=\"\" data-ogsc=\"\" data-ogsb=\"\">le<\/span>ctroniques europ\u00e9ennes aux traditions de l\u2019oc\u00e9an Indien, la programmation invite \u00e0 un v\u00e9ritable voyage musical. Chaque concert devient un point de rencontre entre\u00a0<span class=\"markikkh1legj\" data-markjs=\"true\" data-ogac=\"\" data-ogab=\"\" data-ogsc=\"\" data-ogsb=\"\">le<\/span>s cultures,\u00a0<span class=\"markikkh1legj\" data-markjs=\"true\" data-ogac=\"\" data-ogab=\"\" data-ogsc=\"\" data-ogsb=\"\">le<\/span>s langues et\u00a0<span class=\"markikkh1legj\" data-markjs=\"true\" data-ogac=\"\" data-ogab=\"\" data-ogsc=\"\" data-ogsb=\"\">le<\/span>s histoires.<\/div><div>\u00a0<\/div><div>Cette \u00e9dition c\u00e9l\u00e8bre\u00a0<span class=\"markikkh1legj\" data-markjs=\"true\" data-ogac=\"\" data-ogab=\"\" data-ogsc=\"\" data-ogsb=\"\">le<\/span>\u00a0live dans ce qu\u2019il a de plus pr\u00e9cieux : l\u2019instant partag\u00e9.<\/div><div>Ici, la musique se vit ensemble. Elle circule entre\u00a0<span class=\"markikkh1legj\" data-markjs=\"true\" data-ogac=\"\" data-ogab=\"\" data-ogsc=\"\" data-ogsb=\"\">le<\/span>s g\u00e9n\u00e9rations, traverse\u00a0<span class=\"markikkh1legj\" data-markjs=\"true\" data-ogac=\"\" data-ogab=\"\" data-ogsc=\"\" data-ogsb=\"\">le<\/span>s esth\u00e9tiques, brouille\u00a0<span class=\"markikkh1legj\" data-markjs=\"true\" data-ogac=\"\" data-ogab=\"\" data-ogsc=\"\" data-ogsb=\"\">le<\/span>s fronti\u00e8res.\u00a0<span class=\"markikkh1legj\" data-markjs=\"true\" data-ogac=\"\" data-ogab=\"\" data-ogsc=\"\" data-ogsb=\"\">Le<\/span>\u00a0<span class=\"markmi3t5huue\" data-markjs=\"true\" data-ogac=\"\" data-ogab=\"\" data-ogsc=\"\" data-ogsb=\"\">festival<\/span>\u00a0d\u00e9fend une musique pour\u00a0tous\u00b7tes, libre de ses formes et riche de ses engagements.<\/div><div>\u00a0<\/div><div>Au-del\u00e0 de la f\u00eate et du partage,\u00a0<span class=\"markikkh1legj\" data-markjs=\"true\" data-ogac=\"\" data-ogab=\"\" data-ogsc=\"\" data-ogsb=\"\">le<\/span>\u00a0<span class=\"markmi3t5huue\" data-markjs=\"true\" data-ogac=\"\" data-ogab=\"\" data-ogsc=\"\" data-ogsb=\"\">festival<\/span>\u00a0d\u00e9fend une vision engag\u00e9e de la musique.\u00a0<span class=\"markikkh1legj\" data-markjs=\"true\" data-ogac=\"\" data-ogab=\"\" data-ogsc=\"\" data-ogsb=\"\">Le<\/span>s artistes programm\u00e9s portent souvent dans\u00a0<span class=\"markikkh1legj\" data-markjs=\"true\" data-ogac=\"\" data-ogab=\"\" data-ogsc=\"\" data-ogsb=\"\">le<\/span>urs \u0153uvres des messages li\u00e9s aux questions sociales, culturelles ou environnementales. \u00c0 travers\u00a0<span class=\"markikkh1legj\" data-markjs=\"true\" data-ogac=\"\" data-ogab=\"\" data-ogsc=\"\" data-ogsb=\"\">le<\/span>urs voix et\u00a0<span class=\"markikkh1legj\" data-markjs=\"true\" data-ogac=\"\" data-ogab=\"\" data-ogsc=\"\" data-ogsb=\"\">le<\/span>urs rythmes, ils rappellent\u00a0<span class=\"markikkh1legj\" data-markjs=\"true\" data-ogac=\"\" data-ogab=\"\" data-ogsc=\"\" data-ogsb=\"\">le<\/span>\u00a0pouvoir de la musique comme outil de dialogue, de r\u00e9sistance et d\u2019ouverture au monde.<\/div><div>\u00a0<\/div><div>Plus qu\u2019une succession de concerts,\u00a0<span class=\"markikkh1legj\" data-markjs=\"true\" data-ogac=\"\" data-ogab=\"\" data-ogsc=\"\" data-ogsb=\"\">le<\/span>\u00a0<span class=\"markmi3t5huue\" data-markjs=\"true\" data-ogac=\"\" data-ogab=\"\" data-ogsc=\"\" data-ogsb=\"\">festival<\/span>\u00a0se veut un lieu de rencontre et de circulation des imaginaires. Il c\u00e9l\u00e8bre une sono mondiale vivante, m\u00e9tiss\u00e9e et en mouvement, o\u00f9 chaque rythme raconte une histoire et o\u00f9 chaque public devient acteur d\u2019une exp\u00e9rience collective tourn\u00e9e vers\u00a0<span class=\"markikkh1legj\" data-markjs=\"true\" data-ogac=\"\" data-ogab=\"\" data-ogsc=\"\" data-ogsb=\"\">le<\/span>\u00a0partage.<\/div><\/div>\t\t\t\t\t\t\t\t<\/div>\n\t\t\t\t<\/div>\n\t\t\t\t<div class=\"elementor-element elementor-element-f48ef89 elementor-hidden-mobile elementor-hidden-tablet elementor-widget elementor-widget-text-editor\" data-id=\"f48ef89\" data-element_type=\"widget\" data-settings=\"{&quot;ekit_we_effect_on&quot;:&quot;none&quot;}\" data-widget_type=\"text-editor.default\">\n\t\t\t\t<div class=\"elementor-widget-container\">\n\t\t\t\t\t\t\t\t\t<p>(C) PHOTO : ELLIOT_PIETRAPIANA<\/p>\t\t\t\t\t\t\t\t<\/div>\n\t\t\t\t<\/div>\n\t\t\t\t<div class=\"elementor-element elementor-element-ca8d132 elementor-hidden-mobile elementor-hidden-tablet elementor-widget elementor-widget-text-editor\" data-id=\"ca8d132\" data-element_type=\"widget\" data-settings=\"{&quot;ekit_we_effect_on&quot;:&quot;none&quot;}\" data-widget_type=\"text-editor.default\">\n\t\t\t\t<div class=\"elementor-widget-container\">\n\t\t\t\t\t\t\t\t\t<div class=\"cms-content\"><div>Une programmation r\u00e9alis\u00e9e main dans la main depuis 4 ans par\u00a0<span class=\"markikkh1legj\" data-markjs=\"true\" data-ogac=\"\" data-ogab=\"\" data-ogsc=\"\" data-ogsb=\"\">le<\/span>s \u00e9quipes de Rock en Seine et Radio Nova<\/div><div><span class=\"markikkh1legj\" data-markjs=\"true\" data-ogac=\"\" data-ogab=\"\" data-ogsc=\"\" data-ogsb=\"\">Le<\/span>\u00a0<span class=\"markmi3t5huue\" data-markjs=\"true\" data-ogac=\"\" data-ogab=\"\" data-ogsc=\"\" data-ogsb=\"\">festival<\/span>\u00a0c\u00e9l\u00e8bre la richesse et la diversit\u00e9 des musiques du monde en r\u00e9unissant des artistes venus d\u2019horizons culturels vari\u00e9s. Des rythmes carib\u00e9ens aux sonorit\u00e9s africaines, des influences \u00e9<span class=\"markikkh1legj\" data-markjs=\"true\" data-ogac=\"\" data-ogab=\"\" data-ogsc=\"\" data-ogsb=\"\">le<\/span>ctroniques europ\u00e9ennes aux traditions de l\u2019oc\u00e9an Indien, la programmation invite \u00e0 un v\u00e9ritable voyage musical. Chaque concert devient un point de rencontre entre\u00a0<span class=\"markikkh1legj\" data-markjs=\"true\" data-ogac=\"\" data-ogab=\"\" data-ogsc=\"\" data-ogsb=\"\">le<\/span>s cultures,\u00a0<span class=\"markikkh1legj\" data-markjs=\"true\" data-ogac=\"\" data-ogab=\"\" data-ogsc=\"\" data-ogsb=\"\">le<\/span>s langues et\u00a0<span class=\"markikkh1legj\" data-markjs=\"true\" data-ogac=\"\" data-ogab=\"\" data-ogsc=\"\" data-ogsb=\"\">le<\/span>s histoires.<\/div><\/div><div>\u00a0<\/div><div class=\"cms-content\"><div>Cette \u00e9dition c\u00e9l\u00e8bre\u00a0<span class=\"markikkh1legj\" data-markjs=\"true\" data-ogac=\"\" data-ogab=\"\" data-ogsc=\"\" data-ogsb=\"\">le<\/span>\u00a0live dans ce qu\u2019il a de plus pr\u00e9cieux : l\u2019instant partag\u00e9.<\/div><div>Ici, la musique se vit ensemble. Elle circule entre\u00a0<span class=\"markikkh1legj\" data-markjs=\"true\" data-ogac=\"\" data-ogab=\"\" data-ogsc=\"\" data-ogsb=\"\">le<\/span>s g\u00e9n\u00e9rations, traverse\u00a0<span class=\"markikkh1legj\" data-markjs=\"true\" data-ogac=\"\" data-ogab=\"\" data-ogsc=\"\" data-ogsb=\"\">le<\/span>s esth\u00e9tiques, brouille\u00a0<span class=\"markikkh1legj\" data-markjs=\"true\" data-ogac=\"\" data-ogab=\"\" data-ogsc=\"\" data-ogsb=\"\">le<\/span>s fronti\u00e8res.\u00a0<span class=\"markikkh1legj\" data-markjs=\"true\" data-ogac=\"\" data-ogab=\"\" data-ogsc=\"\" data-ogsb=\"\">Le<\/span>\u00a0<span class=\"markmi3t5huue\" data-markjs=\"true\" data-ogac=\"\" data-ogab=\"\" data-ogsc=\"\" data-ogsb=\"\">festival<\/span>\u00a0d\u00e9fend une musique pour\u00a0tous\u00b7tes, libre de ses formes et riche de ses engagements.<\/div><div>\u00a0<\/div><div>Au-del\u00e0 de la f\u00eate et du partage,\u00a0<span class=\"markikkh1legj\" data-markjs=\"true\" data-ogac=\"\" data-ogab=\"\" data-ogsc=\"\" data-ogsb=\"\">le<\/span>\u00a0<span class=\"markmi3t5huue\" data-markjs=\"true\" data-ogac=\"\" data-ogab=\"\" data-ogsc=\"\" data-ogsb=\"\">festival<\/span>\u00a0d\u00e9fend une vision engag\u00e9e de la musique.\u00a0<span class=\"markikkh1legj\" data-markjs=\"true\" data-ogac=\"\" data-ogab=\"\" data-ogsc=\"\" data-ogsb=\"\">Le<\/span>s artistes programm\u00e9s portent souvent dans\u00a0<span class=\"markikkh1legj\" data-markjs=\"true\" data-ogac=\"\" data-ogab=\"\" data-ogsc=\"\" data-ogsb=\"\">le<\/span>urs \u0153uvres des messages li\u00e9s aux questions sociales, culturelles ou environnementales. \u00c0 travers\u00a0<span class=\"markikkh1legj\" data-markjs=\"true\" data-ogac=\"\" data-ogab=\"\" data-ogsc=\"\" data-ogsb=\"\">le<\/span>urs voix et\u00a0<span class=\"markikkh1legj\" data-markjs=\"true\" data-ogac=\"\" data-ogab=\"\" data-ogsc=\"\" data-ogsb=\"\">le<\/span>urs rythmes, ils rappellent\u00a0<span class=\"markikkh1legj\" data-markjs=\"true\" data-ogac=\"\" data-ogab=\"\" data-ogsc=\"\" data-ogsb=\"\">le<\/span>\u00a0pouvoir de la musique comme outil de dialogue, de r\u00e9sistance et d\u2019ouverture au monde.<\/div><div>\u00a0<\/div><div>Plus qu\u2019une succession de concerts,\u00a0<span class=\"markikkh1legj\" data-markjs=\"true\" data-ogac=\"\" data-ogab=\"\" data-ogsc=\"\" data-ogsb=\"\">le<\/span>\u00a0<span class=\"markmi3t5huue\" data-markjs=\"true\" data-ogac=\"\" data-ogab=\"\" data-ogsc=\"\" data-ogsb=\"\">festival<\/span>\u00a0se veut un lieu de rencontre et de circulation des imaginaires. Il c\u00e9l\u00e8bre une sono mondiale vivante, m\u00e9tiss\u00e9e et en mouvement, o\u00f9 chaque rythme raconte une histoire et o\u00f9 chaque public devient acteur d\u2019une exp\u00e9rience collective tourn\u00e9e vers\u00a0<span class=\"markikkh1legj\" data-markjs=\"true\" data-ogac=\"\" data-ogab=\"\" data-ogsc=\"\" data-ogsb=\"\">le<\/span>\u00a0partage.<\/div><\/div>\t\t\t\t\t\t\t\t<\/div>\n\t\t\t\t<\/div>\n\t\t\t\t\t<\/div>\n\t\t\t\t<\/div>\n\t\t\t\t<\/div>\n\t\t<div class=\"elementor-element elementor-element-b3c1e7d e-flex e-con-boxed e-con e-parent\" data-id=\"b3c1e7d\" data-element_type=\"container\" data-settings=\"{&quot;background_background&quot;:&quot;gradient&quot;}\">\n\t\t\t\t\t<div class=\"e-con-inner\">\n\t\t\t\t<div class=\"elementor-element elementor-element-1b50fd2 elementor-widget elementor-widget-heading\" data-id=\"1b50fd2\" data-element_type=\"widget\" data-settings=\"{&quot;ekit_we_effect_on&quot;:&quot;none&quot;}\" data-widget_type=\"heading.default\">\n\t\t\t\t<div class=\"elementor-widget-container\">\n\t\t\t\t\t<h2 class=\"elementor-heading-title elementor-size-default\"><a href=\"https:\/\/www.nuitsdusud.com\/\">TOUTE LA PROGRAMMATION<\/a><\/h2>\t\t\t\t<\/div>\n\t\t\t\t<\/div>\n\t\t\t\t\t<\/div>\n\t\t\t\t<\/div>\n\t\t\t\t<\/div>\n\t\t","protected":false},"excerpt":{"rendered":"<p>LE FESTIVAL LE FESTIVAL Une programmation r\u00e9alis\u00e9e main dans la main depuis 4 ans par\u00a0les \u00e9quipes de Rock en Seine et Radio NovaLe\u00a0festival\u00a0c\u00e9l\u00e8bre la richesse et la diversit\u00e9 des musiques du monde en r\u00e9unissant des artistes venus d\u2019horizons culturels vari\u00e9s. Des rythmes carib\u00e9ens aux sonorit\u00e9s africaines, des influences \u00e9lectroniques europ\u00e9ennes aux traditions de l\u2019oc\u00e9an Indien, [&hellip;]<\/p>\n","protected":false},"author":2,"featured_media":0,"parent":0,"menu_order":0,"comment_status":"closed","ping_status":"closed","template":"elementor_header_footer","meta":{"_monsterinsights_skip_tracking":false,"_monsterinsights_sitenote_active":false,"_monsterinsights_sitenote_note":"","_monsterinsights_sitenote_category":0,"footnotes":""},"class_list":["post-21315","page","type-page","status-publish","hentry"],"_links":{"self":[{"href":"https:\/\/www.nuitsdusud.com\/api\/wp\/v2\/pages\/21315","targetHints":{"allow":["GET"]}}],"collection":[{"href":"https:\/\/www.nuitsdusud.com\/api\/wp\/v2\/pages"}],"about":[{"href":"https:\/\/www.nuitsdusud.com\/api\/wp\/v2\/types\/page"}],"author":[{"embeddable":true,"href":"https:\/\/www.nuitsdusud.com\/api\/wp\/v2\/users\/2"}],"replies":[{"embeddable":true,"href":"https:\/\/www.nuitsdusud.com\/api\/wp\/v2\/comments?post=21315"}],"version-history":[{"count":26,"href":"https:\/\/www.nuitsdusud.com\/api\/wp\/v2\/pages\/21315\/revisions"}],"predecessor-version":[{"id":21623,"href":"https:\/\/www.nuitsdusud.com\/api\/wp\/v2\/pages\/21315\/revisions\/21623"}],"wp:attachment":[{"href":"https:\/\/www.nuitsdusud.com\/api\/wp\/v2\/media?parent=21315"}],"curies":[{"name":"wp","href":"https:\/\/api.w.org\/{rel}","templated":true}]}}